{"id":52,"date":"2017-11-19T13:13:24","date_gmt":"2017-11-19T12:13:24","guid":{"rendered":"https:\/\/gesangundgitarre.de\/cms\/?page_id=52"},"modified":"2026-02-01T17:00:31","modified_gmt":"2026-02-01T16:00:31","slug":"anmeldung-und-agb","status":"publish","type":"page","link":"https:\/\/gesangundgitarre.de\/cms\/workshops\/anmeldung-und-agb\/","title":{"rendered":"Anmeldung und AGB"},"content":{"rendered":"<p><section id=\"bt_bb_section69f1ca5d647ef\" class=\"bt_bb_section bt_bb_layout_boxed_1200 bt_bb_vertical_align_top bt_bb_top_spacing_extra_large bt_bb_bottom_spacing_extra_large\" style=\"background-position: 50% 100% !important;\" data-bt-override-class=\"null\"><div class=\"bt_bb_background_image_holder_wrapper\"><div class=\"bt_bb_background_image_holder bt_bb_parallax\"  data-parallax=\"0.5\" data-parallax-offset=\"0\" data-parallax-zoom-start=\"1\" data-parallax-zoom-end=\"1\" data-parallax-blur-start=\"0\" data-parallax-blur-end=\"0\" data-parallax-opacity-start=\"1\" data-parallax-opacity-end=\"1\" style=\" background-image:url(&#039;https:\/\/gesangundgitarre.de\/cms\/wp-content\/uploads\/2019\/02\/Haus-Neugl\u00fcck.jpg&#039;);\"><\/div><\/div><div class=\"bt_bb_port\"><div class=\"bt_bb_cell\"><div class=\"bt_bb_cell_inner\"><div class=\"bt_bb_row \"  data-bt-override-class=\"{}\"><div class=\"bt_bb_row_holder\" ><div  class=\"bt_bb_column col-xxl-12 col-xl-12 bt_bb_vertical_align_top bt_bb_align_center bt_bb_padding_normal\" style=\"; --column-width:12;\" data-width=\"12\" data-bt-override-class=\"{}\"><div class=\"bt_bb_column_content\"><div class=\"bt_bb_column_content_inner\"><header class=\"bt_bb_headline bt_bb_color_scheme_1 bt_bb_dash_none bt_bb_size_huge bt_bb_align_inherit\" style=\"; --primary-color:#ffffff; --secondary-color:#191919;\" data-bt-override-class=\"{}\"><h1 class=\"bt_bb_headline_tag\"><span class=\"bt_bb_headline_content\"><span>Anmeldung und AGB<\/span><\/span><\/h1><\/header><\/div><\/div><\/div><\/div><\/div><\/div><!-- cell_inner --><\/div><!-- cell --><\/div><!-- port --><\/section><section id=\"bt_bb_section69f1ca5d64c1c\" class=\"bt_bb_section bt_bb_layout_boxed_1000 bt_bb_vertical_align_top\"  data-bt-override-class=\"null\"><div class=\"bt_bb_port\"><div class=\"bt_bb_cell\"><div class=\"bt_bb_cell_inner\"><div class=\"bt_bb_row \"  data-bt-override-class=\"{}\"><div class=\"bt_bb_row_holder\" ><div  class=\"bt_bb_column col-xxl-12 col-xl-12 bt_bb_vertical_align_top bt_bb_align_center bt_bb_padding_normal\" style=\"; --column-width:12;\" data-width=\"12\" data-bt-override-class=\"{}\"><div class=\"bt_bb_column_content\"><div class=\"bt_bb_column_content_inner\"><div class=\"bt_bb_separator bt_bb_border_style_none bt_bb_top_spacing_medium\" data-bt-override-class=\"null\"><\/div><header class=\"bt_bb_headline bt_bb_dash_none bt_bb_size_large bt_bb_align_inherit\" data-bt-override-class=\"{}\"><h2 class=\"bt_bb_headline_tag\"><span class=\"bt_bb_headline_content\"><span>Anmeldeformulare<\/span><\/span><\/h2><\/header><div class=\"bt_bb_separator bt_bb_border_style_none bt_bb_top_spacing_normal bt_bb_bottom_spacing_small\" data-bt-override-class=\"null\"><\/div><\/div><\/div><\/div><\/div><\/div><div class=\"bt_bb_row \"  data-bt-override-class=\"{}\"><div class=\"bt_bb_row_holder\" ><div  class=\"bt_bb_column col-xxl-12 col-xl-12 bt_bb_vertical_align_top bt_bb_align_center bt_bb_padding_normal\" style=\"; --column-width:12;\" data-width=\"12\" data-bt-override-class=\"{}\"><div class=\"bt_bb_column_content\"><div class=\"bt_bb_column_content_inner\"><div  class=\"bt_bb_text\" ><\/p>\n<h3><strong>Gesang trifft Gitarre<br \/><\/strong><\/h3>\n<p>WORKSHOP<br \/>28. bis 29. M\u00e4rz 2026<br \/>50668 K\u00f6ln<br \/>Anmeldung bitte direkt \u00fcber die<br \/><a href=\"https:\/\/www.jazzhausschule.de\/\" target=\"_blank\">Offene Jazz Haus Schule<\/a><\/p>\n<p>\u00a0<\/p>\n<div>\u00a0<\/div>\n<p>\n<\/div><div  class=\"bt_bb_text\" ><\/p>\n<h3><strong>ChorGipfel<\/strong><\/h3>\n<p>20. bis 21. Juni 2026<br \/>58655 Iserlohn<br \/><a href=\"https:\/\/gesangundgitarre.de\/cms\/wp-content\/uploads\/2026\/02\/Anmeldung-zum-ChorGipfel-2026.pdf\" target=\"_blank\">Anmeldeformular<\/a><\/p>\n<p>\u00a0<\/p>\n<div>\u00a0<\/div>\n<p>\n<\/div><div  class=\"bt_bb_text\" ><\/p>\n<h3><strong>Gesang und Gitarre<br \/><\/strong><\/h3>\n<p>WORKSHOP<br \/>08. \u2013 11. Oktober 2026<br \/>53639 K\u00f6nigswinter<br \/><a href=\"https:\/\/gesangundgitarre.de\/cms\/wp-content\/uploads\/2026\/01\/Anmeldeformular-2026_11-G-G.pdf\" target=\"_blank\">Anmeldeformular<\/a><\/p>\n<p>\u00a0<\/p>\n<div>\u00a0<\/div>\n<p>\n<\/div><div class=\"bt_bb_separator bt_bb_border_style_none bt_bb_top_spacing_medium\" data-bt-override-class=\"null\"><\/div><div  class=\"bt_bb_text\" ><\/p>\n<p>Bitte drucken Sie das entsprechende Anmeldeformular aus (Rechtsklick, \u201eZiel speichern unter\u201c). Schicken Sie es bitte, nachdem Sie es ausgef\u00fcllt und unterschrieben haben, entweder per E-Mail an info (at) gesangundgitarre.de (dazu m\u00fcssten Sie es nat\u00fcrlich erst noch mal einscannen ;-)), oder per Post an:<\/p>\n<p>barthroemer<br \/>\nWeseler Str. 11<br \/>\nD \u2013 50733 K\u00f6ln<\/p>\n<p>Lesen Sie aber bitte unbedingt zuvor unsere AGB! \u2013 Danke!<\/p>\n<p>\n<\/div><div class=\"bt_bb_separator bt_bb_border_style_none bt_bb_top_spacing_medium\" data-bt-override-class=\"null\"><\/div><\/div><\/div><\/div><\/div><\/div><div class=\"bt_bb_row \"  data-bt-override-class=\"{}\"><div class=\"bt_bb_row_holder\" ><div  class=\"bt_bb_column col-xxl-12 col-xl-12 bt_bb_vertical_align_top bt_bb_align_left bt_bb_padding_normal\" style=\"; --column-width:12;\" data-width=\"12\" data-bt-override-class=\"{}\"><div class=\"bt_bb_column_content\"><div class=\"bt_bb_column_content_inner\"><div  class=\"bt_bb_text\" style=\"background-color: #eee; padding: 1.5em;\"><\/p>\n<div><a id=\"AGB\"><\/a><strong>VERTRAGSBEDINGUNGEN<\/strong><br \/><strong>ZU DEN WORKSHOPS MIT ASTRID BARTH UND PHILIPP ROEMER<br \/>IM SEMINARHAUS HAUS NEUGL\u00dcCK IN K\u00d6NIGSWINTER<\/strong><\/div>\n<div>\u00a0<\/div>\n<p>1.<br \/>Der Vertrag zwischen Ihnen (Teilnehmer*in) und uns (Astrid Barth und Philipp Roemer) kommt in dem Moment verbindlich zustande, in dem wir Ihnen eine Anmeldebest\u00e4tigung mit beiliegender Rechnung zusenden.<br \/>Sollten Sie nicht innerhalb einer Woche nach Ihrer Anmeldung eine Best\u00e4tigung von uns erhalten haben, setzten Sie sich bitte mit uns in Verbindung! U.U. ist Ihre Anmeldung dann aus irgend einem Grund nicht bei uns eingegangen.<\/p>\n<p>2.<br \/>Innerhalb einer Woche nach Erhalt der Anmeldebest\u00e4tigung \/ Rechnung, \u00fcberweisen Sie bitte die Anzahlung in H\u00f6he von \u20ac 50,\u2013 auf das angegebene Konto, den Restbetrag bis sp\u00e4testens drei Wochen vor Beginn des Workshops.<br \/>Sollte die Anzahlung nicht innerhalb der genannten Frist auf unserem Konto eingehen, k\u00f6nnen wir Ihre Anmeldung leider nicht weiter verfolgen und geben den Workshop-Platz wieder frei.<\/p>\n<p>3.<br \/>Die Gesamtsumme, die Sie zahlen, schlie\u00dft ein:<br \/>\u2013 alle Unterrichtsstunden w\u00e4hrend des Workshops<br \/>\u2013 Unterkunft w\u00e4hrend des Workshops im Einzel- bzw. im Doppelzimmer mit Duschbad \/ WC<br \/>\u2013 Vollverpflegung (3 x Mittagessen, 3 x Abendessen, 3 x Fr\u00fchst\u00fcck; Obst und Kekse, Kaffee, Tee)<br \/>Die Gesamtsumme, die Sie zahlen, schlie\u00dft nicht ein:<br \/>\u2013 Ihre An- und R\u00fcckreisekosten<\/p>\n<p>4.<br \/>Storno- \/ Bearbeitungsgeb\u00fchr<br \/>Stornogeb\u00fchren werden nur dann f\u00e4llig, wenn Sie absagen sollten und keine*n Ersatzteilnehmer*in stellen k\u00f6nnen, oder wir keine*n Nachr\u00fccker*in von einer Warteliste.<br \/>In jedem Fall behalten wir uns vor, bei einer Absage Ihrerseits eine Bearbeitungsgeb\u00fchr i.H. von \u20ac 50,\u2013 einzubehalten.<br \/>Stornogeb\u00fchren:<br \/>\u2013 ab dem 90. Tag vor Beginn des Workshops: 30 % der Gesamtsumme<br \/>\u2013 ab dem 60. Tag vor Beginn des Workshops: 50 % der Gesamtsumme<br \/>\u2013 ab dem 44. Tag vor Beginn des Workshops: 80 % der Gesamtsumme<br \/>\u2013 ab dem 29. Tag vor Beginn des Workshops: 100 % der Gesamtsumme<\/p>\n<p>5.<br \/>Absage des Kurses unsererseits<br \/>\u2013 Sollten sich bis zwei Wochen vor Kursbeginn nicht mindestens f\u00fcnf Teilnehmer*innen angemeldet haben, k\u00f6nnen wir den Kurs absagen.<br \/>\u2013 Geld, das Sie bereits an uns \u00fcberwiesen haben, erstatten wir dann nat\u00fcrlich unverz\u00fcglich zur\u00fcck.<br \/>Das gilt auch, wenn der Kurs in Folge H\u00f6herer Gewalt nicht stattfinden kann.<\/p>\n<p>6.<br \/>F\u00fcr selbst- oder durch Dritte verschuldete Sch\u00e4den, die w\u00e4hrend des Workshops an Personen, Instrumenten etc. auftreten, haften wir nicht.<\/p>\n<p>7.<br \/>Zur Teilnahme am Workshop ist f\u00fcr die vorbereitende Kommunikation ein funktionierender Internetzugang unbedingt notwendig (Kommunikation per E-Mail etc\u2026).<\/p>\n<p>8.<br \/>\u2013 Es gilt die Salvatorische Klausel<br \/>\u2013 Gerichtsstand ist K\u00f6ln<\/p>\n<p>\n<\/div><\/div><\/div><\/div><\/div><\/div><\/div><!-- cell_inner --><\/div><!-- cell --><\/div><!-- port --><\/section><section id=\"bt_bb_section69f1ca5d656c0\" class=\"bt_bb_section bt_bb_color_scheme_2 bt_bb_layout_boxed_1000 bt_bb_vertical_align_top bt_bb_top_spacing_normal bt_bb_bottom_spacing_normal\" style=\"; --section-primary-color:#191919; --section-secondary-color:#ffffff;;background-color:#ffffff;\" data-bt-override-class=\"null\"><div class=\"bt_bb_port\"><div class=\"bt_bb_cell\"><div class=\"bt_bb_cell_inner\"><div class=\"bt_bb_row \"  data-bt-override-class=\"{}\"><div class=\"bt_bb_row_holder\" ><div  class=\"bt_bb_column col-xxl-12 col-xl-12 bt_bb_vertical_align_top bt_bb_align_center bt_bb_padding_normal bt_bb_animation_fade_in animate\" style=\"; --column-width:12;\" data-width=\"12\" data-bt-override-class=\"{}\"><div class=\"bt_bb_column_content\"><div class=\"bt_bb_column_content_inner\"><div class=\"bt_bb_separator bt_bb_border_style_none bt_bb_top_spacing_medium\" data-bt-override-class=\"null\"><\/div><header class=\"bt_bb_headline bt_bb_dash_none bt_bb_subheadline bt_bb_size_normal bt_bb_align_inherit\" data-bt-override-class=\"{}\"><h2 class=\"bt_bb_headline_tag\"><span class=\"bt_bb_headline_content\"><span>Rundbrief<\/span><\/span><\/h2><div class=\"bt_bb_headline_subheadline\">Wer die aktuellsten Informationen zu barthroemer als Erste*r auf dem heimischen Rechner haben m\u00f6chte, klicke bitte hier und ordere den monatlich erscheinenden elektronischen Rundbrief:<\/div><\/header><div class=\"bt_bb_separator bt_bb_border_style_none bt_bb_top_spacing_normal\" data-bt-override-class=\"null\"><\/div><div  class=\"bt_bb_text\" ><\/p>\n<div class=\"bt_bb_button bt_bb_icon_position_left bt_bb_color_scheme_1 bt_bb_style_filled bt_bb_size_large bt_bb_width_inline bt_bb_shape_inherit bt_bb_align_inherit\" style=\"text-transform: none !important;margin-top: 1em;margin-bottom: 2em\"><a class=\"bt_bb_link\" href=\"mailto:info@gesangundgitarre.de?subject=Rundbrief&amp;body=Bitte%20schickt%20mir%20Euern%20Rundbrief!\"><span class=\"bt_bb_button_text\">Rundbrief erhalten<\/span><\/a><\/div>\n<p><a href=\"https:\/\/gesangundgitarre.de\/cms\/datenschutz\/\"><u>Datenschutz<\/u><\/a><\/p>\n<p>\n<\/div><div class=\"bt_bb_separator bt_bb_border_style_none bt_bb_bottom_spacing_medium\" data-bt-override-class=\"null\"><\/div><\/div><\/div><\/div><\/div><\/div><\/div><!-- cell_inner --><\/div><!-- cell --><\/div><!-- port --><\/section><section id=\"bt_bb_section69f1ca5d65ac5\" class=\"bt_bb_section bt_bb_color_scheme_1 bt_bb_layout_boxed_1200 bt_bb_vertical_align_top bt_bb_top_spacing_medium bt_bb_bottom_spacing_small\" style=\"; --section-primary-color:#ffffff; --section-secondary-color:#191919;\" data-bt-override-class=\"null\"><div class=\"bt_bb_port\"><div class=\"bt_bb_cell\"><div class=\"bt_bb_cell_inner\"><div class=\"bt_bb_row \"  data-bt-override-class=\"{}\"><div class=\"bt_bb_row_holder\" ><div  class=\"bt_bb_column col-xxl-12 col-xl-12 bt_bb_vertical_align_top bt_bb_align_center bt_bb_padding_normal\" style=\"; --column-width:12;\" data-width=\"12\" data-bt-override-class=\"{}\"><div class=\"bt_bb_column_content\"><div class=\"bt_bb_column_content_inner\"><div class=\"bt_bb_icon bt_bb_color_scheme_16 bt_bb_style_borderless bt_bb_size_large bt_bb_shape_circle bt_bb_target_blank bt_bb_text_empty bt_bb_align_inherit\" style=\"margin-left: .5em; margin-right: .5em;; --primary-color:#fff; --secondary-color:#000;\" data-bt-override-class=\"{}\"><a href=\"https:\/\/www.youtube.com\/channel\/UCENP6IB-UIaI2FB9IklMXDQ\"  target=\"_blank\"   data-ico-fontawesome=\"&#xf167;\" class=\"bt_bb_icon_holder\"><\/a><\/div><\/div><\/div><\/div><\/div><\/div><\/div><!-- cell_inner --><\/div><!-- cell --><\/div><!-- port --><\/section><\/p>\n","protected":false},"excerpt":{"rendered":"","protected":false},"author":1,"featured_media":0,"parent":19,"menu_order":0,"comment_status":"closed","ping_status":"closed","template":"","meta":{"footnotes":""},"class_list":["post-52","page","type-page","status-publish","hentry"],"_links":{"self":[{"href":"https:\/\/gesangundgitarre.de\/cms\/wp-json\/wp\/v2\/pages\/52","targetHints":{"allow":["GET"]}}],"collection":[{"href":"https:\/\/gesangundgitarre.de\/cms\/wp-json\/wp\/v2\/pages"}],"about":[{"href":"https:\/\/gesangundgitarre.de\/cms\/wp-json\/wp\/v2\/types\/page"}],"author":[{"embeddable":true,"href":"https:\/\/gesangundgitarre.de\/cms\/wp-json\/wp\/v2\/users\/1"}],"replies":[{"embeddable":true,"href":"https:\/\/gesangundgitarre.de\/cms\/wp-json\/wp\/v2\/comments?post=52"}],"version-history":[{"count":77,"href":"https:\/\/gesangundgitarre.de\/cms\/wp-json\/wp\/v2\/pages\/52\/revisions"}],"predecessor-version":[{"id":3655,"href":"https:\/\/gesangundgitarre.de\/cms\/wp-json\/wp\/v2\/pages\/52\/revisions\/3655"}],"up":[{"embeddable":true,"href":"https:\/\/gesangundgitarre.de\/cms\/wp-json\/wp\/v2\/pages\/19"}],"wp:attachment":[{"href":"https:\/\/gesangundgitarre.de\/cms\/wp-json\/wp\/v2\/media?parent=52"}],"curies":[{"name":"wp","href":"https:\/\/api.w.org\/{rel}","templated":true}]}}