{"id":19,"date":"2017-11-19T13:07:53","date_gmt":"2017-11-19T12:07:53","guid":{"rendered":"https:\/\/gesangundgitarre.de\/cms\/?page_id=19"},"modified":"2026-02-01T17:02:53","modified_gmt":"2026-02-01T16:02:53","slug":"workshops","status":"publish","type":"page","link":"https:\/\/gesangundgitarre.de\/cms\/workshops\/","title":{"rendered":"Workshops"},"content":{"rendered":"<p><section id=\"bt_bb_section6a95180f98cb8\" class=\"bt_bb_section bt_bb_color_scheme_1 bt_bb_layout_boxed_1200 bt_bb_vertical_align_top bt_bb_top_spacing_extra_large bt_bb_bottom_spacing_extra_large\" style=\"; --section-primary-color:#ffffff; --section-secondary-color:#191919;\" data-bt-override-class=\"null\"><div class=\"bt_bb_background_image_holder_wrapper\"><div class=\"bt_bb_background_image_holder bt_bb_parallax\"  data-parallax=\"0.5\" data-parallax-offset=\"0\" data-parallax-zoom-start=\"1\" data-parallax-zoom-end=\"1\" data-parallax-blur-start=\"0\" data-parallax-blur-end=\"0\" data-parallax-opacity-start=\"1\" data-parallax-opacity-end=\"1\" style=\" background-image:url(&#039;https:\/\/gesangundgitarre.de\/cms\/wp-content\/uploads\/2019\/02\/IMG_3177-bearbeitet-7.jpg&#039;);\"><\/div><\/div><div class=\"bt_bb_port\"><div class=\"bt_bb_cell\"><div class=\"bt_bb_cell_inner\"><div class=\"bt_bb_row \"  data-bt-override-class=\"{}\"><div class=\"bt_bb_row_holder\" ><div  class=\"bt_bb_column col-xxl-12 col-xl-12 bt_bb_vertical_align_top bt_bb_align_center bt_bb_padding_normal\" style=\"; --column-width:12;\" data-width=\"12\" data-bt-override-class=\"{}\"><div class=\"bt_bb_column_content\"><div class=\"bt_bb_column_content_inner\"><header class=\"bt_bb_headline bt_bb_dash_none bt_bb_size_huge bt_bb_align_inherit\" data-bt-override-class=\"{}\"><h1 class=\"bt_bb_headline_tag\"><span class=\"bt_bb_headline_content\"><span>Workshops<\/span><\/span><\/h1><\/header><\/div><\/div><\/div><\/div><\/div><\/div><!-- cell_inner --><\/div><!-- cell --><\/div><!-- port --><\/section><section id=\"bt_bb_section6a95180f991ae\" class=\"bt_bb_section bt_bb_color_scheme_1 bt_bb_layout_boxed_1200 bt_bb_vertical_align_top bt_bb_top_spacing_medium bt_bb_bottom_spacing_medium\" style=\"; --section-primary-color:#ffffff; --section-secondary-color:#191919;\" data-bt-override-class=\"null\"><div class=\"bt_bb_port\"><div class=\"bt_bb_cell\"><div class=\"bt_bb_cell_inner\"><div class=\"bt_bb_row \"  data-bt-override-class=\"{}\"><div class=\"bt_bb_row_holder\" ><div  class=\"bt_bb_column col-xxl-12 col-xl-12 bt_bb_vertical_align_top bt_bb_align_center bt_bb_padding_normal\" style=\"; --column-width:12;\" data-width=\"12\" data-bt-override-class=\"{}\"><div class=\"bt_bb_column_content\"><div class=\"bt_bb_column_content_inner\"><div  class=\"bt_bb_text\" style=\"line-height: 1.777 !important; font-size: 135%;\"><\/p>\n<p>Seit 2006 geben <strong>ba<\/strong>rth<strong>roe<\/strong>mer mit wachsendem Erfolg Workshops.<br \/>\nBis zu neun erwachsene Teilnehmer*innen verbringen musizierender Weise drei Tage im reizvollen Ambiente des Seminarhauses \u201eHaus Neugl\u00fcck\u201c in K\u00f6nigswinter. Der Journalist Kai Engelke hat den Selbstversuch gewagt und im \u201eFolker!\u201c einen <a href=\"https:\/\/gesangundgitarre.de\/cms\/wp-content\/uploads\/2018\/12\/20111101-Presse-WS-Folker.pdf\" target=\"_blank\">sehr sch\u00f6nen Artikel<\/a> ver\u00f6ffentlicht.<br \/>\nDa die Seminare in den letzten Jahren relativ schnell ausgebucht waren, empfiehlt sich eine fr\u00fchzeitige Anmeldung.<br \/>\nLesen Sie aber bitte vorher unbedingt die AGB und die HgF (h\u00e4ufig gestellten Fragen)!<\/p>\n<p>\n<\/div><div class=\"bt_bb_separator bt_bb_border_style_none bt_bb_top_spacing_medium\" data-bt-override-class=\"null\"><\/div><div class=\"bt_bb_button bt_bb_color_scheme_16 bt_bb_icon_position_left bt_bb_style_outline bt_bb_size_medium bt_bb_width_inline bt_bb_shape_inherit bt_bb_target_self bt_bb_align_inherit\" style=\"text-transform: none !important; color: #fff !important; font-size: 1.5em;; --primary-color:#fff; --secondary-color:#000;\" data-bt-override-class=\"{}\"><a href=\"\/cms\/workshops\/anmeldung-und-agb\" target=\"_self\" class=\"bt_bb_link\" title=\"Anmeldung und AGB\"><span class=\"bt_bb_button_text\" >Anmeldung und AGB<\/span><\/a><\/div><\/div><\/div><\/div><\/div><\/div><\/div><!-- cell_inner --><\/div><!-- cell --><\/div><!-- port --><\/section><section id=\"bt_bb_section6a95180f99b53\" class=\"bt_bb_section bt_bb_layout_wide bt_bb_vertical_align_top bt_bb_top_spacing_large bt_bb_bottom_spacing_large\"  data-bt-override-class=\"null\"><div class=\"bt_bb_port\"><div class=\"bt_bb_cell\"><div class=\"bt_bb_cell_inner\"><div class=\"bt_bb_row \"  data-bt-override-class=\"{}\"><div class=\"bt_bb_row_holder\" ><div  class=\"bt_bb_column col-xxl-12 col-xl-12 bt_bb_vertical_align_top bt_bb_align_center bt_bb_padding_normal\" style=\"; --column-width:12;\" data-width=\"12\" data-bt-override-class=\"{}\"><div class=\"bt_bb_column_content\"><div class=\"bt_bb_column_content_inner\"><header data-bb-version=\"5.5.0\" id=\"videos\" class=\"bt_bb_headline bt_bb_dash_none bt_bb_size_large bt_bb_align_center\" data-bt-override-class=\"{&quot;bt_bb_size_&quot;:{&quot;current_class&quot;:&quot;bt_bb_size_large&quot;,&quot;def&quot;:&quot;large&quot;},&quot;bt_bb_align_&quot;:{&quot;current_class&quot;:&quot;bt_bb_align_center&quot;,&quot;def&quot;:&quot;center&quot;},&quot;bt_bb_animation_&quot;:{&quot;current_class&quot;:&quot;bt_bb_animation_no_animation&quot;,&quot;def&quot;:&quot;no_animation&quot;}}\"><h2 class=\"bt_bb_headline_tag\"><span class=\"bt_bb_headline_content\"><span>Die Ultimative Lobhudelei<\/span><\/span><\/h2><\/header><div class=\"bt_bb_separator bt_bb_border_style_none bt_bb_top_spacing_medium bt_bb_bottom_spacing_normal\" data-bt-override-class=\"null\"><\/div><\/div><\/div><\/div><\/div><\/div><div class=\"bt_bb_row  bt_bb_column_gap_10\" style=\"padding-left: 1em; padding-right: 1em;; --column-gap:10px;\" data-bt-override-class=\"{}\"><div class=\"bt_bb_row_holder\" ><div  class=\"bt_bb_column col-xxl-12 col-xl-12 col-xs-12 col-sm-12 col-md-12 col-lg-12 bt_bb_vertical_align_top bt_bb_align_center bt_bb_padding_normal bt_bb_animation_fade_in animate\" style=\"; --column-width:12;\" data-width=\"12\" data-bt-override-class=\"{}\"><div class=\"bt_bb_column_content\"><div class=\"bt_bb_column_content_inner\"><div data-bb-version=\"5.5.0\" class=\"bt_bb_video bt_bb_disable_controls_no\" style=\"padding-bottom: 20px;\"><div class=\"bt-video-container\"><div style=\"width: 100%;\" class=\"wp-video\"><video class=\"wp-video-shortcode\" id=\"video-19-1\" width=\"640\" height=\"360\" preload=\"metadata\" controls=\"controls\"><source type=\"video\/youtube\" src=\"https:\/\/youtu.be\/BsHBh84t6q4?_=1\" \/><a href=\"https:\/\/youtu.be\/BsHBh84t6q4\">https:\/\/youtu.be\/BsHBh84t6q4<\/a><\/video><\/div><\/div><\/div><div  class=\"bt_bb_text\" style=\"padding: 0 25px 25px 25px;\"><\/p>\n<h5><strong>Das meinen Teilnehmer:innen zu unseren Workshops\u2026<\/strong><\/h5>\n<p>\n<\/div><div class=\"bt_bb_separator bt_bb_border_style_none bt_bb_bottom_spacing_normal\" data-bt-override-class=\"null\"><\/div><\/div><\/div><\/div><\/div><\/div><\/div><!-- cell_inner --><\/div><!-- cell --><\/div><!-- port --><\/section><section id=\"gesangundgitarre\" class=\"bt_bb_section bt_bb_layout_wide bt_bb_vertical_align_top\"  data-bt-override-class=\"null\"><div class=\"bt_bb_port\"><div class=\"bt_bb_cell\"><div class=\"bt_bb_cell_inner\"><div class=\"bt_bb_row \"  data-bt-override-class=\"{}\"><div class=\"bt_bb_row_holder\" ><div  class=\"bt_bb_column col-xxl-12 col-xl-12 bt_bb_vertical_align_top bt_bb_align_center bt_bb_padding_normal\" style=\"; --column-width:12;\" data-width=\"12\" data-bt-override-class=\"{}\"><div class=\"bt_bb_column_content\"><div class=\"bt_bb_column_content_inner\"><div class=\"bt_bb_separator bt_bb_border_style_none bt_bb_top_spacing_medium bt_bb_bottom_spacing_extra_small\" data-bt-override-class=\"null\"><\/div><header id=\"hfg\" class=\"bt_bb_headline bt_bb_dash_none bt_bb_subheadline bt_bb_size_normal bt_bb_align_inherit\" data-bt-override-class=\"{&quot;bt_bb_size_&quot;:{&quot;current_class&quot;:&quot;bt_bb_size_normal&quot;,&quot;def&quot;:&quot;normal&quot;,&quot;xl&quot;:&quot;normal&quot;},&quot;bt_bb_align_&quot;:{&quot;current_class&quot;:&quot;bt_bb_align_inherit&quot;,&quot;def&quot;:&quot;inherit&quot;,&quot;xl&quot;:&quot;inherit&quot;}}\"><h2 class=\"bt_bb_headline_tag\"><span class=\"bt_bb_headline_content\"><span>Gesang und Gitarre<\/span><\/span><\/h2><div class=\"bt_bb_headline_subheadline\">3 TAGE WORKSHOP<\/div><\/header><div class=\"bt_bb_separator bt_bb_border_style_none bt_bb_top_spacing_medium bt_bb_bottom_spacing_extra_small\" data-bt-override-class=\"null\"><\/div><\/div><\/div><\/div><\/div><\/div><div class=\"bt_bb_row \"  data-bt-override-class=\"{}\"><div class=\"bt_bb_row_holder\" ><div  class=\"bt_bb_column col-xxl-6 col-xl-6 bt_bb_vertical_align_top bt_bb_align_left bt_bb_padding_normal bt_bb_animation_fade_in animate\" style=\"; --column-width:6;\" data-width=\"6\" data-bt-override-class=\"{}\"><div class=\"bt_bb_column_content\"><div class=\"bt_bb_column_content_inner\"><div class=\"bt_bb_masonry_image_grid bt_bb_grid_container bt_bb_columns_1 bt_bb_gap_no_gap bt_bb_no_lightbox\" data-columns=\"1\"><div class=\"bt_bb_masonry_post_image_content\" data-columns=\"1\"><div class=\"bt_bb_grid_sizer\"><\/div><div class=\"bt_bb_grid_item bt_bb_tile_format11\" data-hw=\"0.66299745977985\" data-src=\"https:\/\/gesangundgitarre.de\/cms\/wp-content\/uploads\/2019\/02\/Seminarhaus-Bank-1.jpg\" data-src-full=\"https:\/\/gesangundgitarre.de\/cms\/wp-content\/uploads\/2019\/02\/Seminarhaus-Bank-1.jpg\" data-title=\"Seminarhaus Bank\"><div class=\"bt_bb_grid_item_inner\" data-hw=\"0.66299745977985\" ><div class=\"bt_bb_grid_item_inner_image\"><\/div><div class=\"bt_bb_grid_item_inner_content\"><\/div><\/div><\/div><\/div><\/div><div class=\"bt_bb_separator bt_bb_border_style_none bt_bb_top_spacing_normal\" data-bt-override-class=\"null\"><\/div><\/div><\/div><\/div><div  class=\"bt_bb_column col-xxl-6 col-xl-6 bt_bb_vertical_align_top bt_bb_align_left bt_bb_padding_normal\" style=\"; --column-width:6;\" data-width=\"6\" data-bt-override-class=\"{}\"><div class=\"bt_bb_column_content\"><div class=\"bt_bb_column_content_inner\"><div class=\" bt_bb_row_inner\"   data-bt-override-class=\"{}\"><div class=\"bt_bb_row_inner_holder\"  ><div  class=\"bt_bb_column_inner col-xxl-12 col-xl-12 bt_bb_vertical_align_top bt_bb_align_left bt_bb_padding_double\"  data-width=\"12\" data-bt-override-class=\"{}\"><div class=\"bt_bb_column_inner_content\"><div class=\"bt_bb_column_inner_content_inner\"><div  class=\"bt_bb_text\" ><\/p>\n<p>Sie spielen Gitarre zu Ihrem Gesang oder singen zu Ihrem Gitarrenspiel und wollten bestimmte St\u00fccke schon immer mal spielen oder ganz was Neues lernen? Ein paar Tage Auszeit, um viel Musik zu machen?<\/p>\n<p>Wir m\u00f6chten Ihnen Tipps und Tricks an die Hand geben, mit Ihnen tolle Arrangements erarbeiten und mit musikalischer Minimalbesetzung maximalen Spa\u00df haben.<\/p>\n<p>Mit netten Menschen an einem sch\u00f6nen Ort drei volle Tage nur musizieren!<\/p>\n<p>Unter der Leitung der Profimusiker Astrid Barth (Gesang) und Philipp Roemer (Gitarre) haben Sie Gelegenheit, an St\u00fccken zu arbeiten und Ihre gesanglichen und gitarristischen F\u00e4higkeiten zu erweitern \u2013 f\u00fcr Letzteres sind Grundkenntnisse an der Gitarre erforderlich.<\/p>\n<p>Intensives und individuelles Arbeiten wird durch die kleine Gruppengr\u00f6\u00dfe von maximal neun Teilnehmer*innen erm\u00f6glicht.<\/p>\n<p>Geb\u00fchren:<\/p>\n<p>Unterbringung im Einzelzimmer<br \/>\n\u20ac 634,\u2013<\/p>\n<p>Unterbringung im Doppelzimmer<br \/>\n\u20ac 598,\u2013<\/p>\n<p>jeweils inklusive Unterricht und Vollverpflegung<\/p>\n<p>Anreise: donnerstags 14:00 Uhr, Abreise: sonntags 14:00 Uhr<\/p>\n<p>\n<\/div><div class=\"bt_bb_separator bt_bb_border_style_none bt_bb_top_spacing_normal\" data-bt-override-class=\"null\"><\/div><div class=\"bt_bb_button bt_bb_icon_position_left bt_bb_style_outline bt_bb_size_small bt_bb_width_inline bt_bb_shape_inherit bt_bb_target_self bt_bb_align_inherit\" data-bt-override-class=\"{}\"><a href=\"\/cms\/workshops\/anmeldung-und-agb\" target=\"_self\" class=\"bt_bb_link\" title=\"ANMELDUNG\"><span class=\"bt_bb_button_text\" >ANMELDUNG<\/span><\/a><\/div><div class=\"bt_bb_button bt_bb_icon_position_left bt_bb_style_outline bt_bb_size_small bt_bb_width_inline bt_bb_shape_inherit bt_bb_target_self bt_bb_align_inherit\" data-bt-override-class=\"{}\"><a href=\"\/cms\/das-duo#termine\" target=\"_self\" class=\"bt_bb_link\" title=\"TERMINE\"><span class=\"bt_bb_button_text\" >TERMINE<\/span><\/a><\/div><div class=\"bt_bb_separator bt_bb_border_style_none bt_bb_top_spacing_medium bt_bb_bottom_spacing_medium\" data-bt-override-class=\"null\"><\/div><\/div><\/div><\/div><\/div><\/div><\/div><\/div><\/div><\/div><\/div><\/div><!-- cell_inner --><\/div><!-- cell --><\/div><!-- port --><\/section><section data-bb-version=\"5.5.0\" id=\"chorgipfel\" class=\"bt_bb_section bt_bb_layout_wide bt_bb_vertical_align_top bt_bb_top_spacing_none bt_bb_bottom_spacing_none\"  data-bt-override-class=\"{&quot;bt_bb_top_spacing_&quot;:{&quot;current_class&quot;:&quot;bt_bb_top_spacing_none&quot;,&quot;def&quot;:&quot;none&quot;},&quot;bt_bb_bottom_spacing_&quot;:{&quot;current_class&quot;:&quot;bt_bb_bottom_spacing_none&quot;,&quot;def&quot;:&quot;none&quot;},&quot;bt_bb_animation_&quot;:{&quot;current_class&quot;:&quot;bt_bb_animation_no_animation&quot;,&quot;def&quot;:&quot;no_animation&quot;}}\"><div class=\"bt_bb_port\"><div class=\"bt_bb_cell\"><div class=\"bt_bb_cell_inner\"><div class=\"bt_bb_row \"  data-bt-override-class=\"{}\"><div class=\"bt_bb_row_holder\" ><div  class=\"bt_bb_column col-xxl-12 col-xl-12 bt_bb_vertical_align_top bt_bb_align_center bt_bb_padding_normal\" style=\"; --column-width:12;\" data-width=\"12\" data-bt-override-class=\"{}\"><div class=\"bt_bb_column_content\"><div class=\"bt_bb_column_content_inner\"><div class=\"bt_bb_separator bt_bb_border_style_none bt_bb_top_spacing_medium bt_bb_bottom_spacing_extra_small\" data-bt-override-class=\"null\"><\/div><header data-bb-version=\"5.5.0\" id=\"hfg\" class=\"bt_bb_headline bt_bb_dash_none bt_bb_subheadline bt_bb_size_normal bt_bb_align_inherit\" data-bt-override-class=\"{&quot;bt_bb_size_&quot;:{&quot;current_class&quot;:&quot;bt_bb_size_normal&quot;,&quot;def&quot;:&quot;normal&quot;,&quot;xl&quot;:&quot;normal&quot;},&quot;bt_bb_align_&quot;:{&quot;current_class&quot;:&quot;bt_bb_align_inherit&quot;,&quot;def&quot;:&quot;inherit&quot;,&quot;xl&quot;:&quot;inherit&quot;}}\"><h2 class=\"bt_bb_headline_tag\"><span class=\"bt_bb_headline_content\"><span>3. Iserlohner ChorGipfel<\/span><\/span><\/h2><div class=\"bt_bb_headline_subheadline\">Samstag, 20. und Sonntag, 21. Juni 2026<br \/><br \/>\n<\/div><\/header><div class=\"bt_bb_separator bt_bb_border_style_none bt_bb_top_spacing_medium bt_bb_bottom_spacing_extra_small\" data-bt-override-class=\"null\"><\/div><\/div><\/div><\/div><\/div><\/div><div class=\"bt_bb_row \"  data-bt-override-class=\"{}\"><div class=\"bt_bb_row_holder\" ><div  class=\"bt_bb_column col-xxl-6 col-xl-6 bt_bb_vertical_align_top bt_bb_align_left bt_bb_padding_normal bt_bb_animation_fade_in animate\" style=\"; --column-width:6;\" data-width=\"6\" data-bt-override-class=\"{}\"><div class=\"bt_bb_column_content\"><div class=\"bt_bb_column_content_inner\"><div data-bb-version=\"5.5.0\" class=\"bt_bb_masonry_image_grid bt_bb_grid_container bt_bb_columns_1 bt_bb_gap_no_gap bt_bb_no_lightbox\" data-columns=\"1\"><div class=\"bt_bb_masonry_post_image_content\" data-columns=\"1\"><div class=\"bt_bb_grid_sizer\"><\/div><div class=\"bt_bb_grid_item bt_bb_tile_format11\" data-hw=\"0.75\" data-src=\"https:\/\/gesangundgitarre.de\/cms\/wp-content\/uploads\/2026\/01\/IMG_20240630_143540-1280x960.jpg\" data-src-full=\"https:\/\/gesangundgitarre.de\/cms\/wp-content\/uploads\/2026\/01\/IMG_20240630_143540-scaled.jpg\" data-title=\"IMG_20240630_143540\"><div class=\"bt_bb_grid_item_inner\" data-hw=\"0.75\" ><div class=\"bt_bb_grid_item_inner_image\"><\/div><div class=\"bt_bb_grid_item_inner_content\"><\/div><\/div><\/div><\/div><\/div><div class=\"bt_bb_separator bt_bb_border_style_none bt_bb_top_spacing_normal\" data-bt-override-class=\"null\"><\/div><\/div><\/div><\/div><div  class=\"bt_bb_column col-xxl-6 col-xl-6 bt_bb_vertical_align_top bt_bb_align_left bt_bb_padding_normal\" style=\"; --column-width:6;\" data-width=\"6\" data-bt-override-class=\"{}\"><div class=\"bt_bb_column_content\"><div class=\"bt_bb_column_content_inner\"><div class=\" bt_bb_row_inner\"   data-bt-override-class=\"{}\"><div class=\"bt_bb_row_inner_holder\"  ><div  class=\"bt_bb_column_inner col-xxl-12 col-xl-12 bt_bb_vertical_align_top bt_bb_align_left bt_bb_padding_double\"  data-width=\"12\" data-bt-override-class=\"{}\"><div class=\"bt_bb_column_inner_content\"><div class=\"bt_bb_column_inner_content_inner\"><div data-bb-version=\"5.5.0\" id=\"hfg\" class=\"bt_bb_text\" ><\/p>\n<p>Beim zweiten Mal ist es Tradition, und beim dritten Mal ist es Brauchtum.<br \/>So hei\u00dft es in K\u00f6ln, wo die Chorleiterin Astrid Barth einen ihrer Wohnsitze hat, und so n\u00e4hert sich nun also auch der Iserlohner ChorGipfel einer Brauchtumsveranstaltung.<\/p>\n<p>Bereits zum dritten Mal wird es ein Zusammentreffen begeisterter Chors\u00e4nger:innen geben, dieses Mal wieder im gro\u00dfartigen Probenraum in der Oberen M\u00fchle 46 \u2013 50, mitten in Iserlohn.<br \/>Dazu l\u00e4dt die Gr\u00fcnderin und Leiterin des Iserlohner FriedensChor[es] nicht nur Mitglieder ihrer weiteren drei Ch\u00f6re ein. Der Gipfel soll auch offen f\u00fcr alle interessierten Iserlohner Chors\u00e4nger:innen sein. So wird an diesem Juni-Wochenende wieder ein gro\u00dfer Popchor gebildet.<\/p>\n<p>Dabei werden an den beiden Tagen mehrstimmige Lieder aus den Bereichen Pop, Folk, Soul etc. einstudiert. Wer dar\u00fcber hinaus Lust hat, ein wenig in Improvisation in der Art von Circle Singing oder Methoden der Community Music reinzuschnuppern, ist hier an der richtigen Adresse. Au\u00dferdem wird der Fokus auf Wahrnehmung und Rhythmik gelegt, denn: it don\u2019t mean a thing if it ain\u2019t got that swing, oder: wenn\u2019s nicht swingt, macht\u2019s keinen Sinn.<\/p>\n<p>Geb\u00fchren:<br \/>\u20ac 55,\u2013 Standard<br \/>\u20ac 25,\u2013 erm\u00e4\u00dfigt<br \/>\u20ac 80,\u2013 Solidarpreis<br \/>Menschen mit geringerem finanziellen Spielraum sollten sich die Teilnahme am ChorGipfel auch leisten k\u00f6nnen. Manchen S\u00e4nger:innen macht ein h\u00f6herer Preis nichts aus, sie k\u00f6nnen mehr zahlen und unterst\u00fctzen damit Menschen mit weniger Geld.<\/p>\n<p>Zeiten:<br \/>Samstag: 11:00 Uhr bis 16:30 Uhr<br \/>Sonntag: 10:00 Uhr bis 14:00 Uhr<\/p>\n<p>\n<\/div><div class=\"bt_bb_separator bt_bb_border_style_none bt_bb_top_spacing_normal\" data-bt-override-class=\"null\"><\/div><div class=\"bt_bb_button bt_bb_icon_position_left bt_bb_style_outline bt_bb_size_small bt_bb_width_inline bt_bb_shape_inherit bt_bb_target_self bt_bb_align_inherit\" data-bt-override-class=\"{}\"><a href=\"\/cms\/workshops\/anmeldung-und-agb\" target=\"_self\" class=\"bt_bb_link\" title=\"ANMELDUNG\"><span class=\"bt_bb_button_text\" >ANMELDUNG<\/span><\/a><\/div><div class=\"bt_bb_button bt_bb_icon_position_left bt_bb_style_outline bt_bb_size_small bt_bb_width_inline bt_bb_shape_inherit bt_bb_target_self bt_bb_align_inherit\" data-bt-override-class=\"{}\"><a href=\"\/cms\/das-duo#termine\" target=\"_self\" class=\"bt_bb_link\" title=\"TERMINE\"><span class=\"bt_bb_button_text\" >TERMINE<\/span><\/a><\/div><div class=\"bt_bb_separator bt_bb_border_style_none bt_bb_top_spacing_medium bt_bb_bottom_spacing_medium\" data-bt-override-class=\"null\"><\/div><\/div><\/div><\/div><\/div><\/div><\/div><\/div><\/div><\/div><\/div><\/div><!-- cell_inner --><\/div><!-- cell --><\/div><!-- port --><\/section><section id=\"bt_bb_section6a95180f9d07b\" class=\"bt_bb_section bt_bb_layout_boxed_1200 bt_bb_vertical_align_top bt_bb_top_spacing_medium bt_bb_bottom_spacing_normal\"  data-bt-override-class=\"null\"><div class=\"bt_bb_port\"><div class=\"bt_bb_cell\"><div class=\"bt_bb_cell_inner\"><div class=\"bt_bb_row \"  data-bt-override-class=\"{}\"><div class=\"bt_bb_row_holder\" ><div  class=\"bt_bb_column col-xxl-12 col-xl-12 bt_bb_vertical_align_top bt_bb_align_center bt_bb_padding_normal\" style=\"; --column-width:12;\" data-width=\"12\" data-bt-override-class=\"{}\"><div class=\"bt_bb_column_content\"><div class=\"bt_bb_column_content_inner\"><header data-bb-version=\"5.5.0\" id=\"hfg\" class=\"bt_bb_headline bt_bb_dash_none bt_bb_subheadline bt_bb_size_normal bt_bb_align_inherit\" data-bt-override-class=\"{}\"><h2 class=\"bt_bb_headline_tag\"><span class=\"bt_bb_headline_content\"><span>Das Seminarhaus<\/span><\/span><\/h2><div class=\"bt_bb_headline_subheadline\">f\u00fcr die Gesang-und-Gitarre-Workshops<\/div><\/header><div class=\"bt_bb_separator bt_bb_border_style_none bt_bb_top_spacing_normal\" data-bt-override-class=\"null\"><\/div><div  class=\"bt_bb_text\" ><\/p>\n<p>Am Fu\u00dfe des Siebengebirges, im \u201ePleiser L\u00e4ndchen\u201c, findet sich abseits gelegen eine kleine Idylle: das Haus Neug\u00fcck. Nahe K\u00f6nigswinter steht dieses verwunschene Wadschl\u00f6sschen mitten im Gr\u00fcnen.<br \/>Der Unterricht findet im mit Holzdielen und bodentiefen Fenstern versehenen Seminarraum statt. Bei gutem Wetter k\u00f6nnen wir ebenso auf der Terrasse und im Garten arbeiten. Nat\u00fcrlich belegen wir das Seminarhaus w\u00e4hrend des Workshops komplett; somit ist sichergestellt, dass wir jederzeit und \u00fcberall ungest\u00f6rt musizieren k\u00f6nnen.<br \/>Die Unterbringung erfolgt in Einzel- oder Doppelzimmern mit eigenem Bad.<br \/>Au\u00dferdem werden wir kulinarisch vegetarisch rundum verw\u00f6hnt.<br \/>Kaffee, Wasser und Tee stehen den ganzen Tag ohne Aufpreis zur Verf\u00fcgung.<\/p>\n<p>\n<\/div><div class=\"bt_bb_separator bt_bb_border_style_none bt_bb_top_spacing_normal\" data-bt-override-class=\"null\"><\/div><\/div><\/div><\/div><\/div><\/div><\/div><!-- cell_inner --><\/div><!-- cell --><\/div><!-- port --><\/section><section id=\"hgf\" class=\"bt_bb_section bt_bb_layout_boxed_1200 bt_bb_vertical_align_top bt_bb_top_spacing_medium bt_bb_bottom_spacing_medium\"  data-bt-override-class=\"null\"><div class=\"bt_bb_port\"><div class=\"bt_bb_cell\"><div class=\"bt_bb_cell_inner\"><div class=\"bt_bb_row \"  data-bt-override-class=\"{}\"><div class=\"bt_bb_row_holder\" ><div  class=\"bt_bb_column col-xxl-12 col-xl-12 bt_bb_vertical_align_top bt_bb_align_center bt_bb_padding_normal\" style=\"; --column-width:12;\" data-width=\"12\" data-bt-override-class=\"{}\"><div class=\"bt_bb_column_content\"><div class=\"bt_bb_column_content_inner\"><header id=\"hfg\" class=\"bt_bb_headline bt_bb_dash_none bt_bb_size_normal bt_bb_align_inherit\" data-bt-override-class=\"{}\"><h2 class=\"bt_bb_headline_tag\"><span class=\"bt_bb_headline_content\"><span>H\u00e4ufig gestelle Fragen<\/span><\/span><\/h2><\/header><div class=\"bt_bb_separator bt_bb_border_style_none bt_bb_top_spacing_medium bt_bb_bottom_spacing_extra_small\" data-bt-override-class=\"null\"><\/div><\/div><\/div><\/div><\/div><\/div><div class=\"bt_bb_row \"  data-bt-override-class=\"{}\"><div class=\"bt_bb_row_holder\" ><div  class=\"bt_bb_column col-xxl-12 col-xl-12 bt_bb_vertical_align_top bt_bb_align_left bt_bb_padding_normal\" style=\"; --column-width:12;\" data-width=\"12\" data-bt-override-class=\"{}\"><div class=\"bt_bb_column_content\"><div class=\"bt_bb_column_content_inner\"><div class=\"bt_bb_accordion bt_bb_style_simple bt_bb_shape_rounded\"><div class=\"bt_bb_accordion_item\"><div class=\"bt_bb_accordion_item_title\">Ich wohne ganz in der N\u00e4he. Wie viel kostet der Workshop, wenn ich nicht im Seminarhaus \u00fcbernachte?<\/div><div class=\"bt_bb_accordion_item_content\"><div  class=\"bt_bb_text\" ><\/p>\n<p>Wir bieten diese Art von Workshop nicht ohne \u00dcbernachtung an. Es ist durchaus Teil des Konzeptes, dass die Teilnehmer*innen abends noch ohne \u201eAnleitung\u201c gemeinsam musizieren oder sich morgens beim ersten Kaffee bereits \u00fcber ihre jeweiligen Lieder austauschen. Es entsteht eine andere Gruppendynamik, da es sich um eine wirkliche Auszeit handelt, die nur daf\u00fcr da ist, sich mit Musik zu besch\u00e4ftigen.<\/p>\n<p>\n<\/div><div class=\"bt_bb_separator bt_bb_border_style_none bt_bb_top_spacing_small bt_bb_bottom_spacing_small\" data-bt-override-class=\"null\"><\/div><\/div><\/div><div class=\"bt_bb_accordion_item\"><div class=\"bt_bb_accordion_item_title\">Ich kann nicht p\u00fcnktlich da sein \/ muss fr\u00fcher abreisen. Geht das?<\/div><div class=\"bt_bb_accordion_item_content\"><div  class=\"bt_bb_text\" ><\/p>\n<p>Wenn Sie nicht p\u00fcnktlich da sein k\u00f6nnen, bringt das erhebliche Schwierigkeiten f\u00fcr die inhaltliche Organisation mit sich. In den ersten Stunden des Workshops finden wir f\u00fcr jede*n seine bzw. ihre individuelle Tonart, und wir stellen Dreiergruppen zusammen, in denen \u00fcber die Tage intensiv miteinander gearbeitet wird.<\/p>\n<p>Sollten Sie fr\u00fcher abreisen m\u00fcssen, verpassen Sie nicht nur das (interne) Abschlusskonzert, sondern Sie w\u00fcrden Ihren anderen beiden Gruppenmitgliedern auch die M\u00f6glichkeit nehmen, das dritte Lied \u2013 n\u00e4mlich Ihres \u2013 vorzutragen.<\/p>\n<p>Deshalb h\u00e4tten wir gerne, dass Sie von Anfang bis Ende mit dabei sind.<\/p>\n<p>\n<\/div><div class=\"bt_bb_separator bt_bb_border_style_none bt_bb_top_spacing_small bt_bb_bottom_spacing_small\" data-bt-override-class=\"null\"><\/div><\/div><\/div><div class=\"bt_bb_accordion_item\"><div class=\"bt_bb_accordion_item_title\">Bis wann soll ich meine Vorschl\u00e4ge \/ W\u00fcnsche einreichen?<\/div><div class=\"bt_bb_accordion_item_content\"><div  class=\"bt_bb_text\" ><\/p>\n<p>Drei Wochen vor Workshopbeginn erhalten alle Teilnehmer*innen von uns eine Mail mit zehn Liedern, von denen sie sich eines (oder zwei) aussuchen k\u00f6nnen. Bei dieser Liste versuchen wir Ihre W\u00fcnsche zu ber\u00fccksichtigen. Daf\u00fcr m\u00fcssten Sie uns diese allerdings sp\u00e4testens vier Wochen vor Workshopbeginn mitgeteilt haben. (Am besten schon direkt auf dem Anmeldeformular angeben, dann geht nichts verloren.)<\/p>\n<p>\n<\/div><div class=\"bt_bb_separator bt_bb_border_style_none bt_bb_top_spacing_small bt_bb_bottom_spacing_small\" data-bt-override-class=\"null\"><\/div><\/div><\/div><div class=\"bt_bb_accordion_item\"><div class=\"bt_bb_accordion_item_title\">Wie ist das Niveau der Teilnehmer*innen? - Bin ich bei diesem WS \u00fcberhaupt richtig?<\/div><div class=\"bt_bb_accordion_item_content\"><div  class=\"bt_bb_text\" ><\/p>\n<p>Das Niveau unserer Teilnehmer*innen ist durchaus unterschiedlich: von Menschen, die in (Hobby-)Bands spielen \u00fcber Chors\u00e4nger*innen, die einmal Sologesang wagen wollen bis hin zu Unter-der-Dusche-und-im-Auto-S\u00e4nger*innen, von Workshop-Profis bis zu Workshop-Neulingen. Wir versuchen allerdings, jede*n dort \u201eabzuholen\u201c, wo er oder sie steht, und bisher f\u00fchlte sich unseres Wissens noch niemand unter- oder \u00fcberfordert.<\/p>\n<p>\n<\/div><div class=\"bt_bb_separator bt_bb_border_style_none bt_bb_top_spacing_small bt_bb_bottom_spacing_small\" data-bt-override-class=\"null\"><\/div><\/div><\/div><div class=\"bt_bb_accordion_item\"><div class=\"bt_bb_accordion_item_title\">Wie gut muss ich Gitarre spielen k\u00f6nnen um teilzunehmen?<\/div><div class=\"bt_bb_accordion_item_content\"><div  class=\"bt_bb_text\" ><\/p>\n<p>Minimalanforderung: Gesundes Lagerfeuerniveau. Nach oben gibt es erst einmal kein Grenze \ud83d\ude09<\/p>\n<p>\n<\/div><div class=\"bt_bb_separator bt_bb_border_style_none bt_bb_top_spacing_small bt_bb_bottom_spacing_small\" data-bt-override-class=\"null\"><\/div><\/div><\/div><div class=\"bt_bb_accordion_item\"><div class=\"bt_bb_accordion_item_title\">Wie viele Stunden Unterricht gibt es?<\/div><div class=\"bt_bb_accordion_item_content\"><div  class=\"bt_bb_text\" ><\/p>\n<p>Wir beginnen jeden Tag mit einer halben Stunde Einsingen. Darauf folgen ca. zwei Stunden Gruppenunterricht. Nach der Mittagspause gibt es wiederum ca. zwei Stunden Unterricht. Nach dem Abendessen h\u00e4ngen wir im Normalfall noch ca. eine Stunde Chor dran.<\/p>\n<p>\n<\/div><div class=\"bt_bb_separator bt_bb_border_style_none bt_bb_top_spacing_small bt_bb_bottom_spacing_small\" data-bt-override-class=\"null\"><\/div><\/div><\/div><div class=\"bt_bb_accordion_item\"><div class=\"bt_bb_accordion_item_title\">Was muss ich beachten, wenn ich den WS verschenken m\u00f6chte?<\/div><div class=\"bt_bb_accordion_item_content\"><div  class=\"bt_bb_text\" ><\/p>\n<p>Generell ist es nat\u00fcrlich eine gute Idee, einen Workshop zu verschenken! Allerdings mussten wir hie und da die Erfahrung machen, dass der oder die Beschenkte aus verschiedenen Gr\u00fcnden dann doch nicht so begeistert war. Entweder gab es keinen Urlaub oder keine Kinderbetreuung f\u00fcr den Zeitraum, oder es fehlte schlicht und ergreifend die Lust und die Motivation, an einem Workshop teilzunehmen. Vielleicht kl\u00e4ren Sie mit dem Geburtstagskind im Vorfeld die Interessenslage ab, denn sonst k\u00f6nnte eine gut gemeinte Geschenkidee u.U. teuer werden: beachten Sie hierzu bitte unbedingt unsere Stornofristen!<\/p>\n<p>\n<\/div><div class=\"bt_bb_separator bt_bb_border_style_none bt_bb_top_spacing_small bt_bb_bottom_spacing_small\" data-bt-override-class=\"null\"><\/div><\/div><\/div><\/div><\/div><\/div><\/div><\/div><\/div><\/div><!-- cell_inner --><\/div><!-- cell --><\/div><!-- port --><\/section><section id=\"bt_bb_section6a95180f9eb90\" class=\"bt_bb_section bt_bb_layout_boxed_1200\"  data-bt-override-class=\"null\"><div class=\"bt_bb_port\"><div class=\"bt_bb_cell\"><div class=\"bt_bb_cell_inner\"><div class=\"bt_bb_row \"  data-bt-override-class=\"{}\"><div class=\"bt_bb_row_holder\" ><div  class=\"bt_bb_column col-xxl-12 col-xl-12 bt_bb_vertical_align_top bt_bb_align_center bt_bb_padding_normal\" style=\"; --column-width:12;\" data-width=\"12\" data-bt-override-class=\"{}\"><div class=\"bt_bb_column_content\"><div class=\"bt_bb_column_content_inner\"><div class=\"bt_bb_button bt_bb_color_scheme_1 bt_bb_icon_position_left bt_bb_style_filled bt_bb_size_large bt_bb_width_inline bt_bb_shape_inherit bt_bb_target_self bt_bb_align_inherit\" style=\"text-transform: none !important;; --primary-color:#ffffff; --secondary-color:#191919;\" data-bt-override-class=\"{}\"><a href=\"https:\/\/gesangundgitarre.de\/cms\/workshops\/anmeldung-und-agb\/\" target=\"_self\" class=\"bt_bb_link\" title=\"Anmeldung und AGB\"><span class=\"bt_bb_button_text\" >Anmeldung und AGB<\/span><\/a><\/div><\/div><\/div><\/div><\/div><\/div><\/div><!-- cell_inner --><\/div><!-- cell --><\/div><!-- port --><\/section><section id=\"bt_bb_section6a95180f9f0f3\" class=\"bt_bb_section bt_bb_color_scheme_2 bt_bb_layout_boxed_1000 bt_bb_vertical_align_top bt_bb_top_spacing_normal bt_bb_bottom_spacing_normal\" style=\"; --section-primary-color:#191919; --section-secondary-color:#ffffff;;background-color:#ffffff;\" data-bt-override-class=\"null\"><div class=\"bt_bb_port\"><div class=\"bt_bb_cell\"><div class=\"bt_bb_cell_inner\"><div class=\"bt_bb_row \"  data-bt-override-class=\"{}\"><div class=\"bt_bb_row_holder\" ><div  class=\"bt_bb_column col-xxl-12 col-xl-12 bt_bb_vertical_align_top bt_bb_align_center bt_bb_padding_normal bt_bb_animation_fade_in animate\" style=\"; --column-width:12;\" data-width=\"12\" data-bt-override-class=\"{}\"><div class=\"bt_bb_column_content\"><div class=\"bt_bb_column_content_inner\"><div class=\"bt_bb_separator bt_bb_border_style_none bt_bb_top_spacing_medium\" data-bt-override-class=\"null\"><\/div><header class=\"bt_bb_headline bt_bb_dash_none bt_bb_subheadline bt_bb_size_normal bt_bb_align_inherit\" data-bt-override-class=\"{}\"><h2 class=\"bt_bb_headline_tag\"><span class=\"bt_bb_headline_content\"><span>Rundbrief<\/span><\/span><\/h2><div class=\"bt_bb_headline_subheadline\">Wer die aktuellsten Informationen zu barthroemer als Erste*r auf dem heimischen Rechner haben m\u00f6chte, klicke bitte hier und ordere den monatlich erscheinenden elektronischen Rundbrief:<\/div><\/header><div class=\"bt_bb_separator bt_bb_border_style_none bt_bb_top_spacing_normal\" data-bt-override-class=\"null\"><\/div><div  class=\"bt_bb_text\" ><\/p>\n<div class=\"bt_bb_button bt_bb_icon_position_left bt_bb_color_scheme_1 bt_bb_style_filled bt_bb_size_large bt_bb_width_inline bt_bb_shape_inherit bt_bb_align_inherit\" style=\"text-transform: none !important;margin-top: 1em;margin-bottom: 2em\"><a class=\"bt_bb_link\" href=\"mailto:info@gesangundgitarre.de?subject=Rundbrief&amp;body=Bitte%20schickt%20mir%20Euern%20Rundbrief!\"><span class=\"bt_bb_button_text\">Rundbrief erhalten<\/span><\/a><\/div>\n<p><a href=\"https:\/\/gesangundgitarre.de\/cms\/datenschutz\/\"><u>Datenschutz<\/u><\/a><\/p>\n<p>\n<\/div><div class=\"bt_bb_separator bt_bb_border_style_none bt_bb_bottom_spacing_medium\" data-bt-override-class=\"null\"><\/div><\/div><\/div><\/div><\/div><\/div><\/div><!-- cell_inner --><\/div><!-- cell --><\/div><!-- port --><\/section><section id=\"bt_bb_section6a95180f9f62a\" class=\"bt_bb_section bt_bb_color_scheme_1 bt_bb_layout_boxed_1200 bt_bb_vertical_align_top bt_bb_top_spacing_medium bt_bb_bottom_spacing_small custom-nodec\" style=\"; --section-primary-color:#ffffff; --section-secondary-color:#191919;\" data-bt-override-class=\"null\"><div class=\"bt_bb_port\"><div class=\"bt_bb_cell\"><div class=\"bt_bb_cell_inner\"><div class=\"bt_bb_row \"  data-bt-override-class=\"{}\"><div class=\"bt_bb_row_holder\" ><div  class=\"bt_bb_column col-xxl-12 col-xl-12 bt_bb_vertical_align_top bt_bb_align_center bt_bb_padding_normal\" style=\"; --column-width:12;\" data-width=\"12\" data-bt-override-class=\"{}\"><div class=\"bt_bb_column_content\"><div class=\"bt_bb_column_content_inner\"><div class=\"bt_bb_icon bt_bb_color_scheme_16 bt_bb_style_borderless bt_bb_size_large bt_bb_shape_circle bt_bb_target_blank bt_bb_text_empty bt_bb_align_inherit\" style=\"margin-left: .5em; margin-right: .5em;; --primary-color:#fff; --secondary-color:#000;\" data-bt-override-class=\"{}\"><a href=\"https:\/\/www.youtube.com\/channel\/UCENP6IB-UIaI2FB9IklMXDQ\"  target=\"_blank\"   data-ico-fontawesome=\"&#xf167;\" class=\"bt_bb_icon_holder\"><\/a><\/div><\/div><\/div><\/div><\/div><\/div><\/div><!-- cell_inner --><\/div><!-- cell --><\/div><!-- port --><\/section><\/p>\n","protected":false},"excerpt":{"rendered":"","protected":false},"author":1,"featured_media":0,"parent":0,"menu_order":0,"comment_status":"closed","ping_status":"closed","template":"","meta":{"footnotes":""},"class_list":["post-19","page","type-page","status-publish","hentry"],"_links":{"self":[{"href":"https:\/\/gesangundgitarre.de\/cms\/wp-json\/wp\/v2\/pages\/19","targetHints":{"allow":["GET"]}}],"collection":[{"href":"https:\/\/gesangundgitarre.de\/cms\/wp-json\/wp\/v2\/pages"}],"about":[{"href":"https:\/\/gesangundgitarre.de\/cms\/wp-json\/wp\/v2\/types\/page"}],"author":[{"embeddable":true,"href":"https:\/\/gesangundgitarre.de\/cms\/wp-json\/wp\/v2\/users\/1"}],"replies":[{"embeddable":true,"href":"https:\/\/gesangundgitarre.de\/cms\/wp-json\/wp\/v2\/comments?post=19"}],"version-history":[{"count":125,"href":"https:\/\/gesangundgitarre.de\/cms\/wp-json\/wp\/v2\/pages\/19\/revisions"}],"predecessor-version":[{"id":3657,"href":"https:\/\/gesangundgitarre.de\/cms\/wp-json\/wp\/v2\/pages\/19\/revisions\/3657"}],"wp:attachment":[{"href":"https:\/\/gesangundgitarre.de\/cms\/wp-json\/wp\/v2\/media?parent=19"}],"curies":[{"name":"wp","href":"https:\/\/api.w.org\/{rel}","templated":true}]}}